{"id":1414,"date":"2025-03-28T15:21:14","date_gmt":"2025-03-28T14:21:14","guid":{"rendered":"https:\/\/lavietara.eu\/?page_id=1414"},"modified":"2025-05-07T11:58:09","modified_gmt":"2025-05-07T09:58:09","slug":"lavietara","status":"publish","type":"page","link":"https:\/\/lavietara.eu\/fr\/","title":{"rendered":"La Vie Tara"},"content":{"rendered":"","protected":false},"excerpt":{"rendered":"","protected":false},"author":1,"featured_media":0,"parent":0,"menu_order":0,"comment_status":"closed","ping_status":"closed","template":"","meta":{"_acf_changed":false,"slim_seo":{"description":"D\u00e9couvrez LaVieTara : un h\u00e9bergement de groupe serein en Ard\u00e8che pour les retraites, les r\u00e9unions d'affaires et la r\u00e9flexion. Profitez de la paix, de la nature et d'une vue \u00e0 couper le souffle sur les Alpes fran\u00e7aises.","title":"La Vie Tara - Une oasis de gu\u00e9rison et d'inspiration dans les montagnes fran\u00e7aises"},"iawp_total_views":5632,"footnotes":""},"class_list":["post-1414","page","type-page","status-publish","hentry"],"acf":[],"publishpress_future_action":{"enabled":false,"date":"2026-05-07 00:30:18","action":"change-status","newStatus":"draft","terms":[],"taxonomy":"","extraData":[]},"publishpress_future_workflow_manual_trigger":{"enabledWorkflows":[]},"_links":{"self":[{"href":"https:\/\/lavietara.eu\/fr\/wp-json\/wp\/v2\/pages\/1414","targetHints":{"allow":["GET"]}}],"collection":[{"href":"https:\/\/lavietara.eu\/fr\/wp-json\/wp\/v2\/pages"}],"about":[{"href":"https:\/\/lavietara.eu\/fr\/wp-json\/wp\/v2\/types\/page"}],"author":[{"embeddable":true,"href":"https:\/\/lavietara.eu\/fr\/wp-json\/wp\/v2\/users\/1"}],"replies":[{"embeddable":true,"href":"https:\/\/lavietara.eu\/fr\/wp-json\/wp\/v2\/comments?post=1414"}],"version-history":[{"count":1,"href":"https:\/\/lavietara.eu\/fr\/wp-json\/wp\/v2\/pages\/1414\/revisions"}],"predecessor-version":[{"id":2003,"href":"https:\/\/lavietara.eu\/fr\/wp-json\/wp\/v2\/pages\/1414\/revisions\/2003"}],"wp:attachment":[{"href":"https:\/\/lavietara.eu\/fr\/wp-json\/wp\/v2\/media?parent=1414"}],"curies":[{"name":"wp","href":"https:\/\/api.w.org\/{rel}","templated":true}]}}